{"id":7,"date":"2018-08-11T21:11:51","date_gmt":"2018-08-12T00:11:51","guid":{"rendered":"http:\/\/www.smn.org.br\/congresso\/?page_id=7"},"modified":"2022-12-06T12:35:08","modified_gmt":"2022-12-06T15:35:08","slug":"diretoria","status":"publish","type":"page","link":"https:\/\/smn.org.br\/congresso\/diretoria\/","title":{"rendered":"Diretoria"},"content":{"rendered":"\n<p><strong>Presidente<\/strong><br>Renato Jorge Palmeira de Medeiros<\/p>\n\n\n\n<p><strong>Vice-Presidente<\/strong><br>Lilian Pires de Freitas do Carmo<\/p>\n\n\n\n<p><strong>Tesoureira<\/strong><br>Silvana Maria Carvalho Miranda<\/p>\n\n\n\n<p><strong>Diretora Cient\u00edfico<\/strong><br>H\u00e9lady Sanders Pinheiro<\/p>\n\n\n\n<p><strong>Secret\u00e1rio<\/strong><br>Eduardo Gomes Mattar<\/p>\n\n\n\n<p><strong>Diretor Regional Norte<\/strong><br>S\u00e9rgio Fabiano Vieira Ferreira<\/p>\n\n\n\n<p><strong>Diretor Regional Metropolitana<\/strong><br>Fernando das Merc\u00eas de Lucas J\u00fanior<\/p>\n\n\n\n<p><strong>Diretor Regional Oeste<\/strong><br>Marcus Vin\u00edcius de P\u00e1dua Netto<\/p>\n\n\n\n<p><strong>Diretor Regional Sul<\/strong><br>Tom\u00e1s Ribeiro Carvalho<\/p>\n\n\n\n<p><strong>Diretora Regional Zona da Mata<\/strong><br>Vin\u00edcius Sard\u00e3o Colares<\/p>\n\n\n\n<p><strong>Diretor Regional Leste<\/strong><br>Daniel Costa Chalabi Calazans<\/p>\n\n\n\n<p><strong>Conselho Fiscal<\/strong><br>Ednea Aparecida Ladeira Marques Carvalho<br>Francisco Roberto Lello Santos<br>Jos\u00e9 de Resende Barros Neto<\/p>\n","protected":false},"excerpt":{"rendered":"<p>PresidenteRenato Jorge Palmeira de Medeiros Vice-PresidenteLilian Pires de Freitas do Carmo TesoureiraSilvana Maria Carvalho Miranda Diretora Cient\u00edficoH\u00e9lady Sanders Pinheiro Secret\u00e1rioEduardo Gomes Mattar Diretor Regional NorteS\u00e9rgio Fabiano Vieira Ferreira Diretor Regional MetropolitanaFernando das Merc\u00eas de Lucas J\u00fanior Diretor Regional OesteMarcus Vin\u00edcius de P\u00e1dua Netto Diretor Regional SulTom\u00e1s Ribeiro Carvalho Diretora Regional Zona da MataVin\u00edcius Sard\u00e3o Colares [&hellip;]<\/p>\n","protected":false},"author":1,"featured_media":655,"parent":0,"menu_order":0,"comment_status":"closed","ping_status":"closed","template":"","meta":[],"yoast_head":"<!-- This site is optimized with the Yoast SEO plugin v20.7 - https:\/\/yoast.com\/wordpress\/plugins\/seo\/ -->\n<title>Diretoria - 15\u00ba Congresso Mineiro de Nefrologia<\/title>\n<meta name=\"robots\" content=\"index, follow, max-snippet:-1, max-image-preview:large, max-video-preview:-1\" \/>\n<link rel=\"canonical\" href=\"https:\/\/smn.org.br\/congresso\/diretoria\/\" \/>\n<meta property=\"og:locale\" content=\"pt_BR\" \/>\n<meta property=\"og:type\" content=\"article\" \/>\n<meta property=\"og:title\" content=\"Diretoria - 15\u00ba Congresso Mineiro de Nefrologia\" \/>\n<meta property=\"og:description\" content=\"PresidenteRenato Jorge Palmeira de Medeiros Vice-PresidenteLilian Pires de Freitas do Carmo TesoureiraSilvana Maria Carvalho Miranda Diretora Cient\u00edficoH\u00e9lady Sanders Pinheiro Secret\u00e1rioEduardo Gomes Mattar Diretor Regional NorteS\u00e9rgio Fabiano Vieira Ferreira Diretor Regional MetropolitanaFernando das Merc\u00eas de Lucas J\u00fanior Diretor Regional OesteMarcus Vin\u00edcius de P\u00e1dua Netto Diretor Regional SulTom\u00e1s Ribeiro Carvalho Diretora Regional Zona da MataVin\u00edcius Sard\u00e3o Colares [&hellip;]\" \/>\n<meta property=\"og:url\" content=\"https:\/\/smn.org.br\/congresso\/diretoria\/\" \/>\n<meta property=\"og:site_name\" content=\"15\u00ba Congresso Mineiro de Nefrologia\" \/>\n<meta property=\"article:publisher\" content=\"https:\/\/www.facebook.com\/smn.org.br\" \/>\n<meta property=\"article:modified_time\" content=\"2022-12-06T15:35:08+00:00\" \/>\n<meta property=\"og:image\" content=\"https:\/\/smn.org.br\/congresso\/wp-content\/uploads\/2022\/12\/montanhas-tiradentes.jpg\" \/>\n\t<meta property=\"og:image:width\" content=\"1400\" \/>\n\t<meta property=\"og:image:height\" content=\"500\" \/>\n\t<meta property=\"og:image:type\" content=\"image\/jpeg\" \/>\n<meta name=\"twitter:card\" content=\"summary_large_image\" \/>\n<script type=\"application\/ld+json\" class=\"yoast-schema-graph\">{\"@context\":\"https:\/\/schema.org\",\"@graph\":[{\"@type\":\"WebPage\",\"@id\":\"https:\/\/smn.org.br\/congresso\/diretoria\/\",\"url\":\"https:\/\/smn.org.br\/congresso\/diretoria\/\",\"name\":\"Diretoria - 15\u00ba Congresso Mineiro de Nefrologia\",\"isPartOf\":{\"@id\":\"https:\/\/smn.org.br\/congresso\/#website\"},\"datePublished\":\"2018-08-12T00:11:51+00:00\",\"dateModified\":\"2022-12-06T15:35:08+00:00\",\"breadcrumb\":{\"@id\":\"https:\/\/smn.org.br\/congresso\/diretoria\/#breadcrumb\"},\"inLanguage\":\"pt-BR\",\"potentialAction\":[{\"@type\":\"ReadAction\",\"target\":[\"https:\/\/smn.org.br\/congresso\/diretoria\/\"]}]},{\"@type\":\"BreadcrumbList\",\"@id\":\"https:\/\/smn.org.br\/congresso\/diretoria\/#breadcrumb\",\"itemListElement\":[{\"@type\":\"ListItem\",\"position\":1,\"name\":\"Home\",\"item\":\"https:\/\/smn.org.br\/congresso\/\"},{\"@type\":\"ListItem\",\"position\":2,\"name\":\"Diretoria\"}]},{\"@type\":\"WebSite\",\"@id\":\"https:\/\/smn.org.br\/congresso\/#website\",\"url\":\"https:\/\/smn.org.br\/congresso\/\",\"name\":\"15\u00ba Congresso Mineiro de Nefrologia\",\"description\":\"6\u00ba Simp\u00f3sio Mineiro de Transplante Renal\",\"publisher\":{\"@id\":\"https:\/\/smn.org.br\/congresso\/#organization\"},\"potentialAction\":[{\"@type\":\"SearchAction\",\"target\":{\"@type\":\"EntryPoint\",\"urlTemplate\":\"https:\/\/smn.org.br\/congresso\/?s={search_term_string}\"},\"query-input\":\"required name=search_term_string\"}],\"inLanguage\":\"pt-BR\"},{\"@type\":\"Organization\",\"@id\":\"https:\/\/smn.org.br\/congresso\/#organization\",\"name\":\"15\u00ba Congresso Mineiro de Nefrologia\",\"url\":\"https:\/\/smn.org.br\/congresso\/\",\"logo\":{\"@type\":\"ImageObject\",\"inLanguage\":\"pt-BR\",\"@id\":\"https:\/\/smn.org.br\/congresso\/#\/schema\/logo\/image\/\",\"url\":\"https:\/\/www.smn.org.br\/congresso\/wp-content\/uploads\/2022\/12\/logo-congresso-mineiro-nefrologia-2023.png\",\"contentUrl\":\"https:\/\/www.smn.org.br\/congresso\/wp-content\/uploads\/2022\/12\/logo-congresso-mineiro-nefrologia-2023.png\",\"width\":400,\"height\":159,\"caption\":\"15\u00ba Congresso Mineiro de Nefrologia\"},\"image\":{\"@id\":\"https:\/\/smn.org.br\/congresso\/#\/schema\/logo\/image\/\"},\"sameAs\":[\"https:\/\/www.facebook.com\/smn.org.br\"]}]}<\/script>\n<!-- \/ Yoast SEO plugin. -->","yoast_head_json":{"title":"Diretoria - 15\u00ba Congresso Mineiro de Nefrologia","robots":{"index":"index","follow":"follow","max-snippet":"max-snippet:-1","max-image-preview":"max-image-preview:large","max-video-preview":"max-video-preview:-1"},"canonical":"https:\/\/smn.org.br\/congresso\/diretoria\/","og_locale":"pt_BR","og_type":"article","og_title":"Diretoria - 15\u00ba Congresso Mineiro de Nefrologia","og_description":"PresidenteRenato Jorge Palmeira de Medeiros Vice-PresidenteLilian Pires de Freitas do Carmo TesoureiraSilvana Maria Carvalho Miranda Diretora Cient\u00edficoH\u00e9lady Sanders Pinheiro Secret\u00e1rioEduardo Gomes Mattar Diretor Regional NorteS\u00e9rgio Fabiano Vieira Ferreira Diretor Regional MetropolitanaFernando das Merc\u00eas de Lucas J\u00fanior Diretor Regional OesteMarcus Vin\u00edcius de P\u00e1dua Netto Diretor Regional SulTom\u00e1s Ribeiro Carvalho Diretora Regional Zona da MataVin\u00edcius Sard\u00e3o Colares [&hellip;]","og_url":"https:\/\/smn.org.br\/congresso\/diretoria\/","og_site_name":"15\u00ba Congresso Mineiro de Nefrologia","article_publisher":"https:\/\/www.facebook.com\/smn.org.br","article_modified_time":"2022-12-06T15:35:08+00:00","og_image":[{"width":1400,"height":500,"url":"https:\/\/smn.org.br\/congresso\/wp-content\/uploads\/2022\/12\/montanhas-tiradentes.jpg","type":"image\/jpeg"}],"twitter_card":"summary_large_image","schema":{"@context":"https:\/\/schema.org","@graph":[{"@type":"WebPage","@id":"https:\/\/smn.org.br\/congresso\/diretoria\/","url":"https:\/\/smn.org.br\/congresso\/diretoria\/","name":"Diretoria - 15\u00ba Congresso Mineiro de Nefrologia","isPartOf":{"@id":"https:\/\/smn.org.br\/congresso\/#website"},"datePublished":"2018-08-12T00:11:51+00:00","dateModified":"2022-12-06T15:35:08+00:00","breadcrumb":{"@id":"https:\/\/smn.org.br\/congresso\/diretoria\/#breadcrumb"},"inLanguage":"pt-BR","potentialAction":[{"@type":"ReadAction","target":["https:\/\/smn.org.br\/congresso\/diretoria\/"]}]},{"@type":"BreadcrumbList","@id":"https:\/\/smn.org.br\/congresso\/diretoria\/#breadcrumb","itemListElement":[{"@type":"ListItem","position":1,"name":"Home","item":"https:\/\/smn.org.br\/congresso\/"},{"@type":"ListItem","position":2,"name":"Diretoria"}]},{"@type":"WebSite","@id":"https:\/\/smn.org.br\/congresso\/#website","url":"https:\/\/smn.org.br\/congresso\/","name":"15\u00ba Congresso Mineiro de Nefrologia","description":"6\u00ba Simp\u00f3sio Mineiro de Transplante Renal","publisher":{"@id":"https:\/\/smn.org.br\/congresso\/#organization"},"potentialAction":[{"@type":"SearchAction","target":{"@type":"EntryPoint","urlTemplate":"https:\/\/smn.org.br\/congresso\/?s={search_term_string}"},"query-input":"required name=search_term_string"}],"inLanguage":"pt-BR"},{"@type":"Organization","@id":"https:\/\/smn.org.br\/congresso\/#organization","name":"15\u00ba Congresso Mineiro de Nefrologia","url":"https:\/\/smn.org.br\/congresso\/","logo":{"@type":"ImageObject","inLanguage":"pt-BR","@id":"https:\/\/smn.org.br\/congresso\/#\/schema\/logo\/image\/","url":"https:\/\/www.smn.org.br\/congresso\/wp-content\/uploads\/2022\/12\/logo-congresso-mineiro-nefrologia-2023.png","contentUrl":"https:\/\/www.smn.org.br\/congresso\/wp-content\/uploads\/2022\/12\/logo-congresso-mineiro-nefrologia-2023.png","width":400,"height":159,"caption":"15\u00ba Congresso Mineiro de Nefrologia"},"image":{"@id":"https:\/\/smn.org.br\/congresso\/#\/schema\/logo\/image\/"},"sameAs":["https:\/\/www.facebook.com\/smn.org.br"]}]}},"_links":{"self":[{"href":"https:\/\/smn.org.br\/congresso\/wp-json\/wp\/v2\/pages\/7"}],"collection":[{"href":"https:\/\/smn.org.br\/congresso\/wp-json\/wp\/v2\/pages"}],"about":[{"href":"https:\/\/smn.org.br\/congresso\/wp-json\/wp\/v2\/types\/page"}],"author":[{"embeddable":true,"href":"https:\/\/smn.org.br\/congresso\/wp-json\/wp\/v2\/users\/1"}],"replies":[{"embeddable":true,"href":"https:\/\/smn.org.br\/congresso\/wp-json\/wp\/v2\/comments?post=7"}],"version-history":[{"count":7,"href":"https:\/\/smn.org.br\/congresso\/wp-json\/wp\/v2\/pages\/7\/revisions"}],"predecessor-version":[{"id":664,"href":"https:\/\/smn.org.br\/congresso\/wp-json\/wp\/v2\/pages\/7\/revisions\/664"}],"wp:featuredmedia":[{"embeddable":true,"href":"https:\/\/smn.org.br\/congresso\/wp-json\/wp\/v2\/media\/655"}],"wp:attachment":[{"href":"https:\/\/smn.org.br\/congresso\/wp-json\/wp\/v2\/media?parent=7"}],"curies":[{"name":"wp","href":"https:\/\/api.w.org\/{rel}","templated":true}]}}