{"id":116,"date":"2018-10-25T00:21:37","date_gmt":"2018-10-25T03:21:37","guid":{"rendered":"http:\/\/www.smn.org.br\/congresso\/?page_id=116"},"modified":"2023-05-22T15:00:52","modified_gmt":"2023-05-22T18:00:52","slug":"programacao-25-maio","status":"publish","type":"page","link":"https:\/\/smn.org.br\/congresso\/programacao-25-maio\/","title":{"rendered":"25 de maio, quinta-feira"},"content":{"rendered":"\r\n<h2 class=\"wp-block-heading\">Sala Pau-Brasil<\/h2>\r\n\r\n\r\n\r\n<figure class=\"wp-block-table\">\r\n<table>\r\n<thead>\r\n<tr>\r\n<th style=\"width: 15%;\">Sala Pau-Brasil<\/th>\r\n<th>Tema<\/th>\r\n<\/tr>\r\n<\/thead>\r\n<tbody>\r\n<tr>\r\n<td>9:00-9:30<\/td>\r\n<td><strong>Abertura e Pr\u00eamio Alberto Paolucci<\/strong><\/td>\r\n<\/tr>\r\n<tr class=\"cinza\">\r\n<td>9:30-10:30<\/td>\r\n<td><strong>Confer\u00eancia Magna &#8211; Nefropatia por imunoglobulina A: da fisiopatologia \u00e0s novas op\u00e7\u00f5es terap\u00eauticas<br \/><\/strong><em>MODERADOR: RENATO JORGE PALMEIRA DE MEDEIROS (MG)<br \/>MODERADOR: FRANCISCO ROBERTO LELLO SANTOS (MG)<br \/>PALESTRANTE: RENATO MONTEIRO COSTA (FRAN\u00c7A)<\/em><strong><br \/><\/strong><\/td>\r\n<\/tr>\r\n<tr>\r\n<td>10:30-11:50<\/td>\r\n<td><strong>Mesa Redonda &#8211; Inj\u00faria Renal Aguda<br \/><\/strong><em>MODERADOR: FABIANO BICHUETTE CUSTODIO (MG)<br \/>MODERADOR: JOS\u00c9 MUNIZ PAZELI J\u00daNIOR (MG)<\/em><strong><br \/><\/strong><\/td>\r\n<\/tr>\r\n<tr>\r\n<td>10:30-10:50<\/td>\r\n<td><strong>Biomarcadores na IRA: cen\u00e1rio atual<\/strong><br \/><em>PALESTRANTE: LU\u00cdS YU (SP)<\/em><\/td>\r\n<\/tr>\r\n<tr>\r\n<td>10:50-11:10<\/td>\r\n<td><strong>Terapias h\u00edbridas x cont\u00ednuas<\/strong><br \/>PALESTRANTE: L\u00cdLIAN PIRES DE FREITAS DO CARMO (MG)<\/td>\r\n<\/tr>\r\n<tr>\r\n<td>11:10-11:30<\/td>\r\n<td><strong>CART- cells e imunoter\u00e1picos vs. IRA<\/strong><br \/><em>PALESTRANTE: EDUARDO ROCHA (RJ)<\/em><\/td>\r\n<\/tr>\r\n<tr>\r\n<td>11:30 &#8211; 11:50<\/td>\r\n<td>Discuss\u00e3o<\/td>\r\n<\/tr>\r\n<tr class=\"cinza\">\r\n<td>11:50 &#8211; 13:10<\/td>\r\n<td>Intervalo<br \/>COFFE BREAK<\/td>\r\n<\/tr>\r\n<tr>\r\n<td>13:10 &#8211; 14:00<\/td>\r\n<td><strong>Mesa Redonda &#8211; Nefrologia Cl\u00ednica<br \/><\/strong><em>MODERADOR: FERNANDO DAS MERC\u00caS DE LUCAS JUNIOR (MG)<br \/>MODERADOR: PEDRO PAULO TRINDADE RESENDE (MG)<\/em><\/td>\r\n<\/tr>\r\n<tr>\r\n<td>13:10 &#8211; 13:30<\/td>\r\n<td><strong>Medicina Renal Regenerativa: gloss\u00e1rio, bases e potencial terap\u00eautico<\/strong><br \/><em>PALESTRANTE: NIELS OLSEN C\u00c2MARA (SP)<\/em><\/td>\r\n<\/tr>\r\n<tr>\r\n<td>13:30 &#8211; 13:50<\/td>\r\n<td><strong>Desafios terap\u00eauticos na DRC avan\u00e7ada e doen\u00e7as cardiovasculares: o que os trials n\u00e3o captam<\/strong><br \/><em>PALESTRANTE: FABRICIO AUGUSTO MARQUES BARBOSA (MG)<\/em><\/td>\r\n<\/tr>\r\n<tr>\r\n<td>13:50 &#8211; 14:00<\/td>\r\n<td>Discuss\u00e3o<\/td>\r\n<\/tr>\r\n<tr class=\"cinza\">\r\n<td>14:00-15:00<\/td>\r\n<td><strong>Simp\u00f3sio Patrocinado AstraZeneca &#8211; OTIMIZA\u00c7\u00c3O TERAP\u00caUTICA NA DRC<br \/><\/strong><em>MODERADOR: JOS\u00c9 DE RESENDE BARROS NETO (MG)<br \/>PALESTRANTE: PEDRO TULIO MONTEIRO DE CASTRO E ABREU ROCHA (RJ)<\/em><br \/><em>PALESTRANTE: FERNANDO DAS MERC\u00caS DE LUCAS JUNIOR (<\/em><em>MG)<\/em><strong><br \/><\/strong><\/td>\r\n<\/tr>\r\n<tr>\r\n<td>15:00-16:20<\/td>\r\n<td><strong>Mesa Redonda &#8211; Doen\u00e7as raras<br \/><\/strong><em>MODERADOR: VIN\u00cdCIUS SARD\u00c3O COLARES (MG)<br \/>MODERADOR: RICARDO BORGES E SILVA (MG)<\/em><strong><br \/><\/strong><\/td>\r\n<\/tr>\r\n<tr>\r\n<td>15:00-15:20<\/td>\r\n<td><strong>Como determinar a DRC indeterminada<\/strong><br \/><em>PALESTRANTE: LUIS GUSTAVO MODELLI DE ANDRADE (SP)<\/em><\/td>\r\n<\/tr>\r\n<tr>\r\n<td>15:20-15:40<\/td>\r\n<td><strong>Via alternativa do complemento nas les\u00f5es glomerulares<\/strong><br \/><em>PALESTRANTE: SILVANA MARIA CARVALHO MIRANDA (MG)<\/em><\/td>\r\n<\/tr>\r\n<tr>\r\n<td>15:40-16:00<\/td>\r\n<td><strong>Particularidades e perspectivas das doen\u00e7as do col\u00e1geno IV<\/strong><br \/><em>PALESTRANTE: PRECIL DIEGO MIRANDA DE MENEZES (SP)<\/em><\/td>\r\n<\/tr>\r\n<tr>\r\n<td>16:00-16:20<\/td>\r\n<td>Discuss\u00e3o<\/td>\r\n<\/tr>\r\n<tr class=\"cinza\">\r\n<td>16:20-16:50<\/td>\r\n<td>COFFE BREAK<br \/><strong>SESS\u00c3O 1 DE APRESENTA\u00c7\u00c3O DE POSTERES<\/strong><\/td>\r\n<\/tr>\r\n<tr>\r\n<td>16:50-17:40<\/td>\r\n<td><strong>Mesa Redonda &#8211; Nefrologia Cl\u00ednica<br \/><\/strong><em>MODERADOR: FERNANDO CESAR MENEZES ASSUNCAO (MG)<br \/>MODERADORA: JENAINE OLIVEIRA PAIX\u00c3O (MG)<br \/><\/em><\/td>\r\n<\/tr>\r\n<tr>\r\n<td>16:50-17:10<\/td>\r\n<td><strong>Transi\u00e7\u00e3o do cuidado da Nefropediatria para Nefrologia do adulto<br \/><\/strong><em>PALESTRANTE: KARINA DE CASTRO ZOCRATO (MG)<\/em><\/td>\r\n<\/tr>\r\n<tr>\r\n<td>17:10-17:30<\/td>\r\n<td><strong>Doen\u00e7as c\u00edsticas e metabolismo energ\u00e9tico: racional terap\u00eautico e evid\u00eancias<\/strong><br \/><em>PALESTRANTE: FERNANDO DAS MERC\u00caS DE LUCAS JUNIOR (MG)<\/em><\/td>\r\n<\/tr>\r\n<tr>\r\n<td>17:30-17:40<\/td>\r\n<td>Discuss\u00e3o<\/td>\r\n<\/tr>\r\n<tr class=\"cinza\">\r\n<td>17:40-17:45<\/td>\r\n<td>Intervalo<\/td>\r\n<\/tr>\r\n<tr>\r\n<td>17:45-18:45<\/td>\r\n<td><strong>Sess\u00e3o virtual 1<br \/>Nutrition intervention in CKD \u2013 Think Globally, Act locally<br \/><\/strong><em>MODERADORA: HELADY SANDERS-PINHEIRO (MG)<br \/>MODERADORA: SILVANA MARIA CARVALHO MIRANDA (MG)<br \/>PALESTRANTE: ANGELA WANG (Hong Kong SAR, China)<\/em><strong><br \/><\/strong><\/td>\r\n<\/tr>\r\n<tr class=\"vermelha\">\r\n<td>19:00-22:00<\/td>\r\n<td>Social Happy hour<\/td>\r\n<\/tr>\r\n<\/tbody>\r\n<\/table>\r\n<\/figure>\r\n\r\n\r\n\r\n\r\n\r\n<h2 class=\"wp-block-heading\">Sala Peroba Rosa<\/h2>\r\n\r\n\r\n\r\n<figure class=\"wp-block-table\">\r\n<table>\r\n<thead>\r\n<tr>\r\n<th style=\"width: 15%;\">Sala Peroba Rosa<\/th>\r\n<th>Tema<\/th>\r\n<\/tr>\r\n<\/thead>\r\n<tbody>\r\n<tr>\r\n<td>10:30-11:50<\/td>\r\n<td><strong>Mesa Redonda &#8211; Doen\u00e7a Renal Cr\u00f4nica<br \/><\/strong><em>MODERADORA: EDNEA APARECIDA LADEIRA MARQUES DE CARVALHO (MG)<br \/>MODERADORA: K\u00c1TIA DE PAULA FARAH (MG)<\/em><strong><br \/><\/strong><\/td>\r\n<\/tr>\r\n<tr>\r\n<td>10:30-10:50<\/td>\r\n<td><strong>Progress\u00e3o da DRC: Novas op\u00e7\u00f5es terap\u00eauticas<\/strong><br \/><em>PALESTRANTE: ANDR\u00c9 DE SOUSA ALVARENGA (MG)<\/em><\/td>\r\n<\/tr>\r\n<tr>\r\n<td>10:50-11:10<\/td>\r\n<td><strong>Doen\u00e7a Renal Cr\u00f4nica vs prematuridade, baixo peso e crescimento intrauterino comprometido<\/strong><br \/><em>PALESTRANTE: MARIA GORETTI MOREIRA GUIMAR\u00c3ES PENIDO (MG)<\/em><\/td>\r\n<\/tr>\r\n<tr>\r\n<td>11:10-11:30<\/td>\r\n<td><strong>A tomada de decis\u00e3o no paciente renal cr\u00f4nico: incorporando os cuidados paliativos na pr\u00e1tica cl\u00ednica<\/strong><br \/><em>PALESTRANTE: LEONARDO DE OLIVEIRA CONSOLIM (MG)<\/em><\/td>\r\n<\/tr>\r\n<tr>\r\n<td>11:30-11:50<\/td>\r\n<td>Discuss\u00e3o<\/td>\r\n<\/tr>\r\n<tr class=\"cinza\">\r\n<td>11:50- 13:10<\/td>\r\n<td>Intervalo<\/td>\r\n<\/tr>\r\n<tr>\r\n<td>13:10-14:00<\/td>\r\n<td><strong>Mesa Redonda &#8211; Inova\u00e7\u00e3o em nefrologia<br \/><\/strong><em>MODERADOR: VAL\u00c9RIO HIP\u00d3LITO (MG)<\/em><br \/><em>MODERADOR: STENIO BARBOSA DE FREITAS (MG)<\/em><strong><br \/><\/strong><\/td>\r\n<\/tr>\r\n<tr>\r\n<td>13:10-13:30<\/td>\r\n<td><strong>Rim artificial, xenotransplante, transplante de c\u00e9lulas tronco &#8211; terapias do futuro?<\/strong><br \/><em>PALESTRANTE: FRANCISCO ROBERTO LELLO SANTOS (MG)<\/em><\/td>\r\n<\/tr>\r\n<tr>\r\n<td>13:30- 13:50<\/td>\r\n<td><strong>IA &#8211; discutindo o Chat GPT (Chat Generative Pre-trained Transformer) na sa\u00fade<\/strong><br \/><em>PALESTRANTE: LUCAS LUZ (RS)<\/em><\/td>\r\n<\/tr>\r\n<tr>\r\n<td>13:50-14:00<\/td>\r\n<td>Discuss\u00e3o<\/td>\r\n<\/tr>\r\n<tr class=\"cinza\">\r\n<td>14:00- 15:00<\/td>\r\n<td><b>SIMP\u00d3SIO PATROCINADO TAKEDA &#8211; DOEN\u00c7A DE FABRY: PATOLOGIA POTENCIALMENTE NEGLIGENCIADA MAS FREQUENTE NA NEFROLOGIA<br \/><\/b>PALESTRANTE: <i>LUIS GUSTAVO MODELLI DE ANDRADE (SP)<\/i><\/td>\r\n<\/tr>\r\n<tr>\r\n<td>15:00-16:20<\/td>\r\n<td><strong>Mesa Redonda &#8211; Hipertens\u00e3o Arterial<br \/><\/strong><em>MODERADOR: WANDER BARROS DO CARMO (MG)<\/em><br \/><em>MODERADOR: RENATO JORGE PALMEIRA DE MEDEIROS (MG)<\/em><strong><br \/><\/strong><\/td>\r\n<\/tr>\r\n<tr>\r\n<td>15:00-15:20<\/td>\r\n<td><strong>Hipertens\u00e3o noturna: o qu\u00ea \u00e9 e como tratar<\/strong><br \/><em>PALESTRANTE: MARCUS VINICIUS DE P\u00c1DUA NETTO (MG)<\/em><\/td>\r\n<\/tr>\r\n<tr>\r\n<td>15:20-15:40<\/td>\r\n<td><strong>Metas de controle da press\u00e3o arterial na doen\u00e7a renal cr\u00f4nica: onde estamos<\/strong><br \/><em>PALESTRANTE: PAULO C\u00c9SAR LOPES (MG)<\/em><\/td>\r\n<\/tr>\r\n<tr>\r\n<td>15:40-16:00<\/td>\r\n<td><strong>Hipertens\u00e3o Arterial Pedi\u00e1trica: o que o nefrologista de adultos deve saber<\/strong><br \/><em>PALESTRANTE: JUSSARA SOARES FONTES (MG)<\/em><\/td>\r\n<\/tr>\r\n<tr>\r\n<td>16:00-16:20<\/td>\r\n<td>Discuss\u00e3o<\/td>\r\n<\/tr>\r\n<tr class=\"cinza\">\r\n<td>16:20-16:50<\/td>\r\n<td>COFFE BREAK<br \/><strong>SESS\u00c3O 1 DE APRESENTA\u00c7\u00c3O DE POSTERES<\/strong><\/td>\r\n<\/tr>\r\n<tr>\r\n<td>16:50-17:40<\/td>\r\n<td><strong><strong>SESS\u00c3O DE TEMAS LIVRES<br \/><\/strong><\/strong><em style=\"font-family: inherit; font-size: inherit;\">MODERADOR: FRANCISCO ROBERTO LELLO SANTOS (MG)<br \/><\/em><em style=\"font-family: inherit; font-size: inherit;\">MODERADOR: WANDER BARROS DO CARMO (MG)<\/em><\/td>\r\n<\/tr>\r\n<tr>\r\n<td>16:50 \u2013 17:00<\/td>\r\n<td><strong>N\u00e3o ader\u00eancia \u00e0s consultas ambulatoriais em transplantados renais no Brasil: resultados do estudo multic\u00eantrico ADERE Brasil (ID 115)<\/strong><\/td>\r\n<\/tr>\r\n<tr>\r\n<td>17:00 \u2013 17:10<\/td>\r\n<td><strong>Perfil epidemiol\u00f3gico, social, econ\u00f4mico, cl\u00ednico e sobrevida de crian\u00e7as e adolescentes em di\u00e1lise peritoneal em um centro \u00fanico (ID 124)<\/strong><\/td>\r\n<\/tr>\r\n<tr>\r\n<td>17:10 \u2013 17:20<\/td>\r\n<td><strong>Valida\u00e7\u00e3o temporal do escore MMCD para predizer terapia renal substitutiva e mortalidade intra-hospitalar em pacientes com COVID-19 (ID 161)<\/strong><\/td>\r\n<\/tr>\r\n<tr>\r\n<td>17:20 \u2013 17:30<\/td>\r\n<td><strong>Perfil Epidemiol\u00f3gico de um Ambulat\u00f3rio de Glomerulopatia em Minas Gerais (ID 165)<\/strong><\/td>\r\n<\/tr>\r\n<tr>\r\n<td>17:30 \u2013 17:40<\/td>\r\n<td><strong>An\u00e1lise do perfil das bacteremias em unidades de hemodi\u00e1lise em Minas Gerais: aspectos microbiol\u00f3gicos e de resist\u00eancia bacteriana (ID 167)<\/strong><\/td>\r\n<\/tr>\r\n<\/tbody>\r\n<\/table>\r\n<\/figure>\r\n","protected":false},"excerpt":{"rendered":"<p>Sala Pau-Brasil Sala Pau-Brasil Tema 9:00-9:30 Abertura e Pr\u00eamio Alberto Paolucci 9:30-10:30 Confer\u00eancia Magna &#8211; Nefropatia por imunoglobulina A: da fisiopatologia \u00e0s novas op\u00e7\u00f5es terap\u00eauticasMODERADOR: RENATO JORGE PALMEIRA DE MEDEIROS (MG)MODERADOR: FRANCISCO ROBERTO LELLO SANTOS (MG)PALESTRANTE: RENATO MONTEIRO COSTA (FRAN\u00c7A) 10:30-11:50 Mesa Redonda &#8211; Inj\u00faria Renal AgudaMODERADOR: FABIANO BICHUETTE CUSTODIO (MG)MODERADOR: JOS\u00c9 MUNIZ PAZELI J\u00daNIOR [&hellip;]<\/p>\n","protected":false},"author":1,"featured_media":392,"parent":0,"menu_order":0,"comment_status":"closed","ping_status":"closed","template":"","meta":[],"yoast_head":"<!-- This site is optimized with the Yoast SEO plugin v20.7 - https:\/\/yoast.com\/wordpress\/plugins\/seo\/ -->\n<title>25 de maio, quinta-feira - 15\u00ba Congresso Mineiro de Nefrologia<\/title>\n<meta name=\"robots\" content=\"index, follow, max-snippet:-1, max-image-preview:large, max-video-preview:-1\" \/>\n<link rel=\"canonical\" href=\"https:\/\/smn.org.br\/congresso\/programacao-25-maio\/\" \/>\n<meta property=\"og:locale\" content=\"pt_BR\" \/>\n<meta property=\"og:type\" content=\"article\" \/>\n<meta property=\"og:title\" content=\"25 de maio, quinta-feira - 15\u00ba Congresso Mineiro de Nefrologia\" \/>\n<meta property=\"og:description\" content=\"Sala Pau-Brasil Sala Pau-Brasil Tema 9:00-9:30 Abertura e Pr\u00eamio Alberto Paolucci 9:30-10:30 Confer\u00eancia Magna &#8211; Nefropatia por imunoglobulina A: da fisiopatologia \u00e0s novas op\u00e7\u00f5es terap\u00eauticasMODERADOR: RENATO JORGE PALMEIRA DE MEDEIROS (MG)MODERADOR: FRANCISCO ROBERTO LELLO SANTOS (MG)PALESTRANTE: RENATO MONTEIRO COSTA (FRAN\u00c7A) 10:30-11:50 Mesa Redonda &#8211; Inj\u00faria Renal AgudaMODERADOR: FABIANO BICHUETTE CUSTODIO (MG)MODERADOR: JOS\u00c9 MUNIZ PAZELI J\u00daNIOR [&hellip;]\" \/>\n<meta property=\"og:url\" content=\"https:\/\/smn.org.br\/congresso\/programacao-25-maio\/\" \/>\n<meta property=\"og:site_name\" content=\"15\u00ba Congresso Mineiro de Nefrologia\" \/>\n<meta property=\"article:publisher\" content=\"https:\/\/www.facebook.com\/smn.org.br\" \/>\n<meta property=\"article:modified_time\" content=\"2023-05-22T18:00:52+00:00\" \/>\n<meta property=\"og:image\" content=\"https:\/\/smn.org.br\/congresso\/wp-content\/uploads\/2021\/06\/comida-minas-3.jpg\" \/>\n\t<meta property=\"og:image:width\" content=\"1400\" \/>\n\t<meta property=\"og:image:height\" content=\"500\" \/>\n\t<meta property=\"og:image:type\" content=\"image\/jpeg\" \/>\n<meta name=\"twitter:card\" content=\"summary_large_image\" \/>\n<meta name=\"twitter:label1\" content=\"Est. reading time\" \/>\n\t<meta name=\"twitter:data1\" content=\"4 minutos\" \/>\n<script type=\"application\/ld+json\" class=\"yoast-schema-graph\">{\"@context\":\"https:\/\/schema.org\",\"@graph\":[{\"@type\":\"WebPage\",\"@id\":\"https:\/\/smn.org.br\/congresso\/programacao-25-maio\/\",\"url\":\"https:\/\/smn.org.br\/congresso\/programacao-25-maio\/\",\"name\":\"25 de maio, quinta-feira - 15\u00ba Congresso Mineiro de Nefrologia\",\"isPartOf\":{\"@id\":\"https:\/\/smn.org.br\/congresso\/#website\"},\"datePublished\":\"2018-10-25T03:21:37+00:00\",\"dateModified\":\"2023-05-22T18:00:52+00:00\",\"breadcrumb\":{\"@id\":\"https:\/\/smn.org.br\/congresso\/programacao-25-maio\/#breadcrumb\"},\"inLanguage\":\"pt-BR\",\"potentialAction\":[{\"@type\":\"ReadAction\",\"target\":[\"https:\/\/smn.org.br\/congresso\/programacao-25-maio\/\"]}]},{\"@type\":\"BreadcrumbList\",\"@id\":\"https:\/\/smn.org.br\/congresso\/programacao-25-maio\/#breadcrumb\",\"itemListElement\":[{\"@type\":\"ListItem\",\"position\":1,\"name\":\"Home\",\"item\":\"https:\/\/smn.org.br\/congresso\/\"},{\"@type\":\"ListItem\",\"position\":2,\"name\":\"25 de maio, quinta-feira\"}]},{\"@type\":\"WebSite\",\"@id\":\"https:\/\/smn.org.br\/congresso\/#website\",\"url\":\"https:\/\/smn.org.br\/congresso\/\",\"name\":\"15\u00ba Congresso Mineiro de Nefrologia\",\"description\":\"6\u00ba Simp\u00f3sio Mineiro de Transplante Renal\",\"publisher\":{\"@id\":\"https:\/\/smn.org.br\/congresso\/#organization\"},\"potentialAction\":[{\"@type\":\"SearchAction\",\"target\":{\"@type\":\"EntryPoint\",\"urlTemplate\":\"https:\/\/smn.org.br\/congresso\/?s={search_term_string}\"},\"query-input\":\"required name=search_term_string\"}],\"inLanguage\":\"pt-BR\"},{\"@type\":\"Organization\",\"@id\":\"https:\/\/smn.org.br\/congresso\/#organization\",\"name\":\"15\u00ba Congresso Mineiro de Nefrologia\",\"url\":\"https:\/\/smn.org.br\/congresso\/\",\"logo\":{\"@type\":\"ImageObject\",\"inLanguage\":\"pt-BR\",\"@id\":\"https:\/\/smn.org.br\/congresso\/#\/schema\/logo\/image\/\",\"url\":\"https:\/\/www.smn.org.br\/congresso\/wp-content\/uploads\/2022\/12\/logo-congresso-mineiro-nefrologia-2023.png\",\"contentUrl\":\"https:\/\/www.smn.org.br\/congresso\/wp-content\/uploads\/2022\/12\/logo-congresso-mineiro-nefrologia-2023.png\",\"width\":400,\"height\":159,\"caption\":\"15\u00ba Congresso Mineiro de Nefrologia\"},\"image\":{\"@id\":\"https:\/\/smn.org.br\/congresso\/#\/schema\/logo\/image\/\"},\"sameAs\":[\"https:\/\/www.facebook.com\/smn.org.br\"]}]}<\/script>\n<!-- \/ Yoast SEO plugin. -->","yoast_head_json":{"title":"25 de maio, quinta-feira - 15\u00ba Congresso Mineiro de Nefrologia","robots":{"index":"index","follow":"follow","max-snippet":"max-snippet:-1","max-image-preview":"max-image-preview:large","max-video-preview":"max-video-preview:-1"},"canonical":"https:\/\/smn.org.br\/congresso\/programacao-25-maio\/","og_locale":"pt_BR","og_type":"article","og_title":"25 de maio, quinta-feira - 15\u00ba Congresso Mineiro de Nefrologia","og_description":"Sala Pau-Brasil Sala Pau-Brasil Tema 9:00-9:30 Abertura e Pr\u00eamio Alberto Paolucci 9:30-10:30 Confer\u00eancia Magna &#8211; Nefropatia por imunoglobulina A: da fisiopatologia \u00e0s novas op\u00e7\u00f5es terap\u00eauticasMODERADOR: RENATO JORGE PALMEIRA DE MEDEIROS (MG)MODERADOR: FRANCISCO ROBERTO LELLO SANTOS (MG)PALESTRANTE: RENATO MONTEIRO COSTA (FRAN\u00c7A) 10:30-11:50 Mesa Redonda &#8211; Inj\u00faria Renal AgudaMODERADOR: FABIANO BICHUETTE CUSTODIO (MG)MODERADOR: JOS\u00c9 MUNIZ PAZELI J\u00daNIOR [&hellip;]","og_url":"https:\/\/smn.org.br\/congresso\/programacao-25-maio\/","og_site_name":"15\u00ba Congresso Mineiro de Nefrologia","article_publisher":"https:\/\/www.facebook.com\/smn.org.br","article_modified_time":"2023-05-22T18:00:52+00:00","og_image":[{"width":1400,"height":500,"url":"https:\/\/smn.org.br\/congresso\/wp-content\/uploads\/2021\/06\/comida-minas-3.jpg","type":"image\/jpeg"}],"twitter_card":"summary_large_image","twitter_misc":{"Est. reading time":"4 minutos"},"schema":{"@context":"https:\/\/schema.org","@graph":[{"@type":"WebPage","@id":"https:\/\/smn.org.br\/congresso\/programacao-25-maio\/","url":"https:\/\/smn.org.br\/congresso\/programacao-25-maio\/","name":"25 de maio, quinta-feira - 15\u00ba Congresso Mineiro de Nefrologia","isPartOf":{"@id":"https:\/\/smn.org.br\/congresso\/#website"},"datePublished":"2018-10-25T03:21:37+00:00","dateModified":"2023-05-22T18:00:52+00:00","breadcrumb":{"@id":"https:\/\/smn.org.br\/congresso\/programacao-25-maio\/#breadcrumb"},"inLanguage":"pt-BR","potentialAction":[{"@type":"ReadAction","target":["https:\/\/smn.org.br\/congresso\/programacao-25-maio\/"]}]},{"@type":"BreadcrumbList","@id":"https:\/\/smn.org.br\/congresso\/programacao-25-maio\/#breadcrumb","itemListElement":[{"@type":"ListItem","position":1,"name":"Home","item":"https:\/\/smn.org.br\/congresso\/"},{"@type":"ListItem","position":2,"name":"25 de maio, quinta-feira"}]},{"@type":"WebSite","@id":"https:\/\/smn.org.br\/congresso\/#website","url":"https:\/\/smn.org.br\/congresso\/","name":"15\u00ba Congresso Mineiro de Nefrologia","description":"6\u00ba Simp\u00f3sio Mineiro de Transplante Renal","publisher":{"@id":"https:\/\/smn.org.br\/congresso\/#organization"},"potentialAction":[{"@type":"SearchAction","target":{"@type":"EntryPoint","urlTemplate":"https:\/\/smn.org.br\/congresso\/?s={search_term_string}"},"query-input":"required name=search_term_string"}],"inLanguage":"pt-BR"},{"@type":"Organization","@id":"https:\/\/smn.org.br\/congresso\/#organization","name":"15\u00ba Congresso Mineiro de Nefrologia","url":"https:\/\/smn.org.br\/congresso\/","logo":{"@type":"ImageObject","inLanguage":"pt-BR","@id":"https:\/\/smn.org.br\/congresso\/#\/schema\/logo\/image\/","url":"https:\/\/www.smn.org.br\/congresso\/wp-content\/uploads\/2022\/12\/logo-congresso-mineiro-nefrologia-2023.png","contentUrl":"https:\/\/www.smn.org.br\/congresso\/wp-content\/uploads\/2022\/12\/logo-congresso-mineiro-nefrologia-2023.png","width":400,"height":159,"caption":"15\u00ba Congresso Mineiro de Nefrologia"},"image":{"@id":"https:\/\/smn.org.br\/congresso\/#\/schema\/logo\/image\/"},"sameAs":["https:\/\/www.facebook.com\/smn.org.br"]}]}},"_links":{"self":[{"href":"https:\/\/smn.org.br\/congresso\/wp-json\/wp\/v2\/pages\/116"}],"collection":[{"href":"https:\/\/smn.org.br\/congresso\/wp-json\/wp\/v2\/pages"}],"about":[{"href":"https:\/\/smn.org.br\/congresso\/wp-json\/wp\/v2\/types\/page"}],"author":[{"embeddable":true,"href":"https:\/\/smn.org.br\/congresso\/wp-json\/wp\/v2\/users\/1"}],"replies":[{"embeddable":true,"href":"https:\/\/smn.org.br\/congresso\/wp-json\/wp\/v2\/comments?post=116"}],"version-history":[{"count":51,"href":"https:\/\/smn.org.br\/congresso\/wp-json\/wp\/v2\/pages\/116\/revisions"}],"predecessor-version":[{"id":828,"href":"https:\/\/smn.org.br\/congresso\/wp-json\/wp\/v2\/pages\/116\/revisions\/828"}],"wp:featuredmedia":[{"embeddable":true,"href":"https:\/\/smn.org.br\/congresso\/wp-json\/wp\/v2\/media\/392"}],"wp:attachment":[{"href":"https:\/\/smn.org.br\/congresso\/wp-json\/wp\/v2\/media?parent=116"}],"curies":[{"name":"wp","href":"https:\/\/api.w.org\/{rel}","templated":true}]}}