{"id":110,"date":"2018-10-25T00:12:03","date_gmt":"2018-10-25T03:12:03","guid":{"rendered":"http:\/\/www.smn.org.br\/congresso\/?page_id=110"},"modified":"2023-05-22T22:14:51","modified_gmt":"2023-05-23T01:14:51","slug":"programacao-26-maio","status":"publish","type":"page","link":"https:\/\/smn.org.br\/congresso\/programacao-26-maio\/","title":{"rendered":"26 de maio, sexta-feira"},"content":{"rendered":"\r\n<h2 class=\"wp-block-heading\">Sala Pau-Brasil<\/h2>\r\n\r\n\r\n\r\n<figure class=\"wp-block-table\">\r\n<table>\r\n<thead>\r\n<tr>\r\n<th style=\"width: 15%;\">Sala Pau-Brasil<\/th>\r\n<th>Tema<\/th>\r\n<\/tr>\r\n<\/thead>\r\n<tbody>\r\n<tr class=\"cinza\">\r\n<td>9:00-10:00<\/td>\r\n<td><strong>Confer\u00eancia Magna &#8211; Hipertens\u00e3o Arterial: Velha Inimiga, Novas Armas e Abordagens<br \/><\/strong><em>MODERADORA: L\u00cdLIAN PIRES DE FREITAS DO CARMO (MG)<br \/><\/em><em>MODERADOR: TOM\u00c1S RIBEIRO CARVALHO (MG)<br \/>PALESTRANTE: ALDO PEIXOTO (EUA)<\/em><strong><br \/><\/strong><\/td>\r\n<\/tr>\r\n<tr>\r\n<td>10:00-11:20<\/td>\r\n<td><strong>Mesa Redonda &#8211; Hemodi\u00e1lise<br \/><\/strong><em>MODERADOR: GERSON MARQUES PEREIRA J\u00daNIOR (MG)<br \/>MODERADORA: EDNEA APARECIDA LADEIRA MARQUES DE CARVALHO (MG)<\/em><strong><br \/><\/strong><\/td>\r\n<\/tr>\r\n<tr>\r\n<td>10:00-10:20<\/td>\r\n<td><strong>Individualiza\u00e7\u00e3o do s\u00f3dio na HD<\/strong><br \/><em>PALESTRANTE: HELOISA RENIERS VIANNA (MG)<\/em><\/td>\r\n<\/tr>\r\n<tr>\r\n<td>10:20-10:40<\/td>\r\n<td><strong>HD domiciliar: estamos distantes?<\/strong><br \/><em>PALESTRANTE: PATR\u00cdCIA DA CRUZ QUEIROZ (MG)<\/em><\/td>\r\n<\/tr>\r\n<tr>\r\n<td>10:40-11:00<\/td>\r\n<td><strong>Individualiza\u00e7\u00e3o da prescri\u00e7\u00e3o da di\u00e1lise<\/strong><br \/><em>PALESTRANTE: LADISLAU JOSE FERNANDES JUNIOR (MG)<\/em><\/td>\r\n<\/tr>\r\n<tr>\r\n<td>11:00-11:20<\/td>\r\n<td>Discuss\u00e3o<\/td>\r\n<\/tr>\r\n<tr class=\"cinza\">\r\n<td>11:20-12:40<\/td>\r\n<td>Intervalo<\/td>\r\n<\/tr>\r\n<tr>\r\n<td>12:40-14:00<\/td>\r\n<td><strong>Mesa Redonda &#8211; Di\u00e1lise Peritoneal<br \/><\/strong><em>MODERADORA: NAT\u00c1LIA MARIA DA SILVA FERNANDES (MG)<\/em><br \/><em>MODERADOR: EDUARDO GOMES MATTAR &#8211; CSSJD (MG)<\/em><strong><br \/><\/strong><\/td>\r\n<\/tr>\r\n<tr>\r\n<td>12:40-13:00<\/td>\r\n<td><strong>DP na IRA pedi\u00e1trica: o que o nefrologista de adulto precisa saber<\/strong><br \/><em>PALESTRANTE: MARIANA GUIMAR\u00c3ES PENIDO DE PAULA (MG)<\/em><\/td>\r\n<\/tr>\r\n<tr>\r\n<td>13:00-13:20<\/td>\r\n<td><strong>Peritonite em DP: atualiza\u00e7\u00f5es<\/strong><br \/><em>PALESTRANTE: RAFAEL FONSECA DE CASTILHO (MG)<\/em><\/td>\r\n<\/tr>\r\n<tr>\r\n<td>13:20-13:40<\/td>\r\n<td><strong>Avalia\u00e7\u00e3o do custo da di\u00e1lise peritoneal sob uma nova perspectiva<\/strong><br \/><em>PALESTRANTE: CELSO SOUZA DE MORAES JUNIOR (MG)<\/em><\/td>\r\n<\/tr>\r\n<tr>\r\n<td>13:40-14:00<\/td>\r\n<td>Discuss\u00e3o<\/td>\r\n<\/tr>\r\n<tr class=\"cinza\">\r\n<td>14:00-15:00<\/td>\r\n<td><strong>MESA REDONDA &#8211; IMAGENS NA NEFROLOGIA<\/strong><br \/><em>MODERADOR: WANDER BARROS DO CARMO (MG)<br \/>MODERADORA: JAMILA DE OLIVEIRA ABRAHAO<\/em><\/td>\r\n<\/tr>\r\n<tr>\r\n<td>14:00-14:20<\/td>\r\n<td><strong>5 raz\u00f5es pelas quais a INSONA\u00c7\u00c3O (Us) pode tornar o nefrologista um m\u00e9dico melhor<\/strong><br \/><em>PALESTRANTE: MARCUS GOMES BASTOS (MG)<\/em><\/td>\r\n<\/tr>\r\n<tr>\r\n<td>14:20 &#8211; 14:40<\/td>\r\n<td><strong>Bi\u00f3psia renal guiada por ultrassom &#8211; Est\u00e1gio final<\/strong><br \/><em>PALESTRANTE: <i>BRUNO LU\u00cdS PIMENTEL FARNESE\u00a0(MG)<\/i><\/em><\/td>\r\n<\/tr>\r\n<tr>\r\n<td>14:40-15:00<\/td>\r\n<td>Discuss\u00e3o<\/td>\r\n<\/tr>\r\n<tr>\r\n<td>15:00-16:20<\/td>\r\n<td><strong>Mesa Redonda &#8211; DRC DMO<br \/><\/strong><em>MODERADORA: PATR\u00cdCIA VASCONCELOS (MG)<br \/>MODERADORA: L\u00cdLIAN PIRES DE FREITAS DO CARMO (MG)<\/em><strong><br \/><\/strong><\/td>\r\n<\/tr>\r\n<tr>\r\n<td>15:00-15:20<\/td>\r\n<td><strong>Paratireoidectomia: Experi\u00eancia de grande centro mineiro de refer\u00eancia<\/strong><br \/><em>PALESTRANTE: RENATA LAMEGO STARLING (MG)<\/em><\/td>\r\n<\/tr>\r\n<tr>\r\n<td>15:20-15:40<\/td>\r\n<td><strong>Osteoporose na DRC<\/strong><br \/><em>PALESTRANTE: MELANI CUST\u00d3DIO (MG)<\/em><\/td>\r\n<\/tr>\r\n<tr>\r\n<td>15:40-16:00<\/td>\r\n<td><strong>Calcifilaxia<\/strong><br \/><em>PALESTRANTE: ROSA MOYS\u00c9S (SP)<\/em><\/td>\r\n<\/tr>\r\n<tr>\r\n<td>16:00-16:20<\/td>\r\n<td>Discuss\u00e3o<\/td>\r\n<\/tr>\r\n<tr class=\"cinza\">\r\n<td>16:20-16:50<\/td>\r\n<td>COFFEE BREAK<br \/><strong>SESS\u00c3O 2 DE APRESENTA\u00c7\u00c3O DE POSTERES<\/strong><\/td>\r\n<\/tr>\r\n<tr>\r\n<td>16:50-17:40<\/td>\r\n<td><strong>Mesa Redonda &#8211; Nefrologia Cl\u00ednica<br \/><\/strong><em>MODERADORA: ANA LUISA SILVEIRA VIEIRA (MG)<br \/>MODERADOR: EDUARDO GOMES MATTAR (MG)<\/em><strong><br \/><\/strong><\/td>\r\n<\/tr>\r\n<tr>\r\n<td>16:50-17:10<\/td>\r\n<td><strong>Diabesidade e DRC<\/strong><br \/><em>PALESTRANTE: JOS\u00c9 DE RESENDE BARROS NETO (MG)<\/em><\/td>\r\n<\/tr>\r\n<tr>\r\n<td>17:10-17:30<\/td>\r\n<td><strong>Sistema Renina Angiotensina Aldosterona e doen\u00e7as renais<\/strong><br \/><em>PALESTRANTE: ANA CRISTINA SIM\u00d5ES E SILVA (MG)<\/em><\/td>\r\n<\/tr>\r\n<tr>\r\n<td>17:30-17:40<\/td>\r\n<td>Discuss\u00e3o<\/td>\r\n<\/tr>\r\n<tr class=\"cinza\">\r\n<td>17:40-17:45<\/td>\r\n<td>Intervalo<\/td>\r\n<\/tr>\r\n<tr>\r\n<td>17:45-18:45<\/td>\r\n<td><strong>Sess\u00e3o virtual 2 &#8211; The new options offered by blood purification<br \/><\/strong><em>MODERADOR: DR. JOS\u00c9 DE RESENDE BARROS NETO (MG)<\/em><br \/><em>MODERADOR: EDUARDO GOMES MATTAR &#8211; CSSJD (MG)<\/em><br \/><em>PALESTRANTE: CLAUDIO RONCO (ITALIA)<\/em><strong><br \/><\/strong><\/td>\r\n<\/tr>\r\n<tr class=\"cinza\">\r\n<td>18:45-19:15<\/td>\r\n<td>Encerramento<\/td>\r\n<\/tr>\r\n<\/tbody>\r\n<\/table>\r\n<\/figure>\r\n\r\n\r\n\r\n\r\n\r\n<h2 class=\"wp-block-heading\">Sala Peroba Rosa<\/h2>\r\n\r\n\r\n\r\n<figure class=\"wp-block-table\">\r\n<table>\r\n<thead>\r\n<tr>\r\n<th style=\"width: 15%;\">Sala Peroba Rosa<\/th>\r\n<th>Tema<\/th>\r\n<\/tr>\r\n<\/thead>\r\n<tbody>\r\n<tr>\r\n<td>10:00-11:30<\/td>\r\n<td><strong>Mesa Redonda &#8211; Gest\u00e3o em Nefrologia<br \/><\/strong><em>MODERADOR: RENATO JORGE PALMEIRA DE MEDEIROS (MG)<\/em><br \/><em>MODERADOR: RICARDO FURTADO DE CARVALHO (MG)<\/em><strong><br \/><\/strong><\/td>\r\n<\/tr>\r\n<tr>\r\n<td>10:00-10:20<\/td>\r\n<td><strong>Nefrologia como carreira<\/strong><br \/><em>PALESTRANTE: JOS\u00c9 ANDRADE MOURA NETO (BA)<\/em><\/td>\r\n<\/tr>\r\n<tr>\r\n<td>10:20-10:40<\/td>\r\n<td><strong>Empreendedorismo na Nefrologia<\/strong><br \/><em>PALESTRANTE: DANIEL COSTA CHALABI CALAZANS (MG)<\/em><\/td>\r\n<\/tr>\r\n<tr>\r\n<td>10:40-11:00<\/td>\r\n<td><strong>Plano de aten\u00e7\u00e3o avan\u00e7ada ao paciente Renal cr\u00f4nico em Minas Gerais<\/strong><br \/><em>PALESTRANTE: RIDA SABBAGH (SP)<\/em><\/td>\r\n<\/tr>\r\n<tr>\r\n<td>11:00-11:20<\/td>\r\n<td>Discuss\u00e3o<\/td>\r\n<\/tr>\r\n<tr class=\"cinza\">\r\n<td>11:20-12:40<\/td>\r\n<td>Intervalo<\/td>\r\n<\/tr>\r\n<tr>\r\n<td>12:40-14:00<\/td>\r\n<td><strong>Mesa Redonda &#8211; Women In Nephrology<br \/><\/strong><em>MODERADORA: SILVANA MARIA CARVALHO MIRANDA (MG)<\/em><br \/><em>MODERADORA: JENAINE OLIVEIRA PAIX\u00c3O (MG)<\/em><strong><br \/><\/strong><\/td>\r\n<\/tr>\r\n<tr>\r\n<td>12:40-13:00<\/td>\r\n<td><strong>WIN e mentoria<\/strong><br \/><em>PALESTRANTE: HELADY SANDERS-PINHEIRO (MG)<\/em><\/td>\r\n<\/tr>\r\n<tr>\r\n<td>13:00-13:20<\/td>\r\n<td><strong>Lideran\u00e7a e network<\/strong><br \/><em>PALESTRANTE: TAIN\u00c1 VERAS DE SANDES FREITAS (CE)<\/em><\/td>\r\n<\/tr>\r\n<tr>\r\n<td>13:20-13:40<\/td>\r\n<td><strong>&#8220;Lute como uma garota&#8221; &#8211; o modelo gerencial feminino<\/strong><br \/><em>PALESTRANTE: L\u00cdLIAN PIRES DE FREITAS DO CARMO (MG)<\/em><\/td>\r\n<\/tr>\r\n<tr>\r\n<td>13:40-14:00<\/td>\r\n<td>Discuss\u00e3o<\/td>\r\n<\/tr>\r\n<tr class=\"cinza\">\r\n<td>14:00-15:00<\/td>\r\n<td><strong>SIMP\u00d3SIO PATROCINADO ALEXION &#8211; MAT: diagn\u00f3stico assertivo e tratamento precoce salvam vidas<\/strong><br \/><em>Palestrantes: <\/em><em>Maria Izabel de Holanda (RJ) e <\/em><em>Stanley de Almeida Araujo (MG)<\/em><\/td>\r\n<\/tr>\r\n<tr>\r\n<td>15:00-16:20<\/td>\r\n<td><strong>Mesa Redonda &#8211; Glomerulopatias<br \/><\/strong><em>MODERADOR: S\u00c9RGIO WYTON LIMA PINTO (MG)<br \/>MODERADORA: PRISCYLLA APARECIDA VIEIRA DO CARMO (MG)<\/em><strong><br \/><\/strong><\/td>\r\n<\/tr>\r\n<tr>\r\n<td>15:00-15:20<\/td>\r\n<td><strong>Sd. Nefr\u00f3tica na crian\u00e7a &#8211; o qu\u00ea h\u00e1 de novo?<\/strong><br \/><em>PALESTRANTE: MARCELO DE SOUSA TAVARES (MG)<\/em><\/td>\r\n<\/tr>\r\n<tr>\r\n<td>15:20-15:40<\/td>\r\n<td><strong>Amiloidose: novas perspectivas na pr\u00e1tica cl\u00ednica<\/strong><br \/><em>PALESTRANTE: VIN\u00cdCIUS SARD\u00c3O COLARES (MG)<\/em><\/td>\r\n<\/tr>\r\n<tr>\r\n<td>15:40-16:00<\/td>\r\n<td><strong>Tratamento da nefrite l\u00fapica recidivante e\/ou refrat\u00e1ria<\/strong><br \/><em>PALESTRANTE: ROS\u00c2NGELA MILAGRES (MG)<\/em><\/td>\r\n<\/tr>\r\n<tr>\r\n<td>16:00-16:20<\/td>\r\n<td>Discuss\u00e3o<\/td>\r\n<\/tr>\r\n<tr class=\"cinza\">\r\n<td>16:20-16:50<\/td>\r\n<td>COFFEE BREAK<br \/><strong>SESS\u00c3O 2 DE APRESENTA\u00c7\u00c3O DE POSTERES<\/strong><\/td>\r\n<\/tr>\r\n<tr>\r\n<td>16:50-17:40<\/td>\r\n<td><strong>Encontro de Ligas<br \/><\/strong><em>MODERADORA: CRISTIANE DOS SANTOS DIAS (MG)<br \/>MODERADORA: HELADY SANDERS-PINHEIRO (MG)<\/em><strong><br \/><\/strong><\/td>\r\n<\/tr>\r\n<tr>\r\n<td>16:50-17:15<\/td>\r\n<td><strong>Ligas acad\u00eamicas e forma\u00e7\u00e3o na gradua\u00e7\u00e3o. Sess\u00e3o interativa de perguntas<\/strong><br \/><em>PALESTRANTE: STENIO BARBOSA DE FREITAS (MG)<\/em><\/td>\r\n<\/tr>\r\n<tr>\r\n<td>17:15-17:40<\/td>\r\n<td><strong>Roda de conversa &#8211; O que a gradua\u00e7\u00e3o n\u00e3o lhe conta sobre a vida profissional<\/strong><br \/><em>PALESTRANTE: EDUARDO ROCHA (RJ)<br \/>PALESTRANTE: HELADY SANDERS-PINHEIRO (MG)<\/em><\/td>\r\n<\/tr>\r\n<tr class=\"cinza\">\r\n<td>17:40-17:45<\/td>\r\n<td>Intervalo<\/td>\r\n<\/tr>\r\n<\/tbody>\r\n<\/table>\r\n<\/figure>","protected":false},"excerpt":{"rendered":"<p>Sala Pau-Brasil Sala Pau-Brasil Tema 9:00-10:00 Confer\u00eancia Magna &#8211; Hipertens\u00e3o Arterial: Velha Inimiga, Novas Armas e AbordagensMODERADORA: L\u00cdLIAN PIRES DE FREITAS DO CARMO (MG)MODERADOR: TOM\u00c1S RIBEIRO CARVALHO (MG)PALESTRANTE: ALDO PEIXOTO (EUA) 10:00-11:20 Mesa Redonda &#8211; Hemodi\u00e1liseMODERADOR: GERSON MARQUES PEREIRA J\u00daNIOR (MG)MODERADORA: EDNEA APARECIDA LADEIRA MARQUES DE CARVALHO (MG) 10:00-10:20 Individualiza\u00e7\u00e3o do s\u00f3dio na HDPALESTRANTE: HELOISA [&hellip;]<\/p>\n","protected":false},"author":1,"featured_media":391,"parent":0,"menu_order":0,"comment_status":"closed","ping_status":"closed","template":"","meta":[],"yoast_head":"<!-- This site is optimized with the Yoast SEO plugin v20.7 - https:\/\/yoast.com\/wordpress\/plugins\/seo\/ -->\n<title>26 de maio, sexta-feira - 15\u00ba Congresso Mineiro de Nefrologia<\/title>\n<meta name=\"robots\" content=\"index, follow, max-snippet:-1, max-image-preview:large, max-video-preview:-1\" \/>\n<link rel=\"canonical\" href=\"https:\/\/smn.org.br\/congresso\/programacao-26-maio\/\" \/>\n<meta property=\"og:locale\" content=\"pt_BR\" \/>\n<meta property=\"og:type\" content=\"article\" \/>\n<meta property=\"og:title\" content=\"26 de maio, sexta-feira - 15\u00ba Congresso Mineiro de Nefrologia\" \/>\n<meta property=\"og:description\" content=\"Sala Pau-Brasil Sala Pau-Brasil Tema 9:00-10:00 Confer\u00eancia Magna &#8211; Hipertens\u00e3o Arterial: Velha Inimiga, Novas Armas e AbordagensMODERADORA: L\u00cdLIAN PIRES DE FREITAS DO CARMO (MG)MODERADOR: TOM\u00c1S RIBEIRO CARVALHO (MG)PALESTRANTE: ALDO PEIXOTO (EUA) 10:00-11:20 Mesa Redonda &#8211; Hemodi\u00e1liseMODERADOR: GERSON MARQUES PEREIRA J\u00daNIOR (MG)MODERADORA: EDNEA APARECIDA LADEIRA MARQUES DE CARVALHO (MG) 10:00-10:20 Individualiza\u00e7\u00e3o do s\u00f3dio na HDPALESTRANTE: HELOISA [&hellip;]\" \/>\n<meta property=\"og:url\" content=\"https:\/\/smn.org.br\/congresso\/programacao-26-maio\/\" \/>\n<meta property=\"og:site_name\" content=\"15\u00ba Congresso Mineiro de Nefrologia\" \/>\n<meta property=\"article:publisher\" content=\"https:\/\/www.facebook.com\/smn.org.br\" \/>\n<meta property=\"article:modified_time\" content=\"2023-05-23T01:14:51+00:00\" \/>\n<meta property=\"og:image\" content=\"https:\/\/smn.org.br\/congresso\/wp-content\/uploads\/2021\/06\/comida-minas-2.jpg\" \/>\n\t<meta property=\"og:image:width\" content=\"1400\" \/>\n\t<meta property=\"og:image:height\" content=\"500\" \/>\n\t<meta property=\"og:image:type\" content=\"image\/jpeg\" \/>\n<meta name=\"twitter:card\" content=\"summary_large_image\" \/>\n<meta name=\"twitter:label1\" content=\"Est. reading time\" \/>\n\t<meta name=\"twitter:data1\" content=\"4 minutos\" \/>\n<script type=\"application\/ld+json\" class=\"yoast-schema-graph\">{\"@context\":\"https:\/\/schema.org\",\"@graph\":[{\"@type\":\"WebPage\",\"@id\":\"https:\/\/smn.org.br\/congresso\/programacao-26-maio\/\",\"url\":\"https:\/\/smn.org.br\/congresso\/programacao-26-maio\/\",\"name\":\"26 de maio, sexta-feira - 15\u00ba Congresso Mineiro de Nefrologia\",\"isPartOf\":{\"@id\":\"https:\/\/smn.org.br\/congresso\/#website\"},\"datePublished\":\"2018-10-25T03:12:03+00:00\",\"dateModified\":\"2023-05-23T01:14:51+00:00\",\"breadcrumb\":{\"@id\":\"https:\/\/smn.org.br\/congresso\/programacao-26-maio\/#breadcrumb\"},\"inLanguage\":\"pt-BR\",\"potentialAction\":[{\"@type\":\"ReadAction\",\"target\":[\"https:\/\/smn.org.br\/congresso\/programacao-26-maio\/\"]}]},{\"@type\":\"BreadcrumbList\",\"@id\":\"https:\/\/smn.org.br\/congresso\/programacao-26-maio\/#breadcrumb\",\"itemListElement\":[{\"@type\":\"ListItem\",\"position\":1,\"name\":\"Home\",\"item\":\"https:\/\/smn.org.br\/congresso\/\"},{\"@type\":\"ListItem\",\"position\":2,\"name\":\"26 de maio, sexta-feira\"}]},{\"@type\":\"WebSite\",\"@id\":\"https:\/\/smn.org.br\/congresso\/#website\",\"url\":\"https:\/\/smn.org.br\/congresso\/\",\"name\":\"15\u00ba Congresso Mineiro de Nefrologia\",\"description\":\"6\u00ba Simp\u00f3sio Mineiro de Transplante Renal\",\"publisher\":{\"@id\":\"https:\/\/smn.org.br\/congresso\/#organization\"},\"potentialAction\":[{\"@type\":\"SearchAction\",\"target\":{\"@type\":\"EntryPoint\",\"urlTemplate\":\"https:\/\/smn.org.br\/congresso\/?s={search_term_string}\"},\"query-input\":\"required name=search_term_string\"}],\"inLanguage\":\"pt-BR\"},{\"@type\":\"Organization\",\"@id\":\"https:\/\/smn.org.br\/congresso\/#organization\",\"name\":\"15\u00ba Congresso Mineiro de Nefrologia\",\"url\":\"https:\/\/smn.org.br\/congresso\/\",\"logo\":{\"@type\":\"ImageObject\",\"inLanguage\":\"pt-BR\",\"@id\":\"https:\/\/smn.org.br\/congresso\/#\/schema\/logo\/image\/\",\"url\":\"https:\/\/www.smn.org.br\/congresso\/wp-content\/uploads\/2022\/12\/logo-congresso-mineiro-nefrologia-2023.png\",\"contentUrl\":\"https:\/\/www.smn.org.br\/congresso\/wp-content\/uploads\/2022\/12\/logo-congresso-mineiro-nefrologia-2023.png\",\"width\":400,\"height\":159,\"caption\":\"15\u00ba Congresso Mineiro de Nefrologia\"},\"image\":{\"@id\":\"https:\/\/smn.org.br\/congresso\/#\/schema\/logo\/image\/\"},\"sameAs\":[\"https:\/\/www.facebook.com\/smn.org.br\"]}]}<\/script>\n<!-- \/ Yoast SEO plugin. -->","yoast_head_json":{"title":"26 de maio, sexta-feira - 15\u00ba Congresso Mineiro de Nefrologia","robots":{"index":"index","follow":"follow","max-snippet":"max-snippet:-1","max-image-preview":"max-image-preview:large","max-video-preview":"max-video-preview:-1"},"canonical":"https:\/\/smn.org.br\/congresso\/programacao-26-maio\/","og_locale":"pt_BR","og_type":"article","og_title":"26 de maio, sexta-feira - 15\u00ba Congresso Mineiro de Nefrologia","og_description":"Sala Pau-Brasil Sala Pau-Brasil Tema 9:00-10:00 Confer\u00eancia Magna &#8211; Hipertens\u00e3o Arterial: Velha Inimiga, Novas Armas e AbordagensMODERADORA: L\u00cdLIAN PIRES DE FREITAS DO CARMO (MG)MODERADOR: TOM\u00c1S RIBEIRO CARVALHO (MG)PALESTRANTE: ALDO PEIXOTO (EUA) 10:00-11:20 Mesa Redonda &#8211; Hemodi\u00e1liseMODERADOR: GERSON MARQUES PEREIRA J\u00daNIOR (MG)MODERADORA: EDNEA APARECIDA LADEIRA MARQUES DE CARVALHO (MG) 10:00-10:20 Individualiza\u00e7\u00e3o do s\u00f3dio na HDPALESTRANTE: HELOISA [&hellip;]","og_url":"https:\/\/smn.org.br\/congresso\/programacao-26-maio\/","og_site_name":"15\u00ba Congresso Mineiro de Nefrologia","article_publisher":"https:\/\/www.facebook.com\/smn.org.br","article_modified_time":"2023-05-23T01:14:51+00:00","og_image":[{"width":1400,"height":500,"url":"https:\/\/smn.org.br\/congresso\/wp-content\/uploads\/2021\/06\/comida-minas-2.jpg","type":"image\/jpeg"}],"twitter_card":"summary_large_image","twitter_misc":{"Est. reading time":"4 minutos"},"schema":{"@context":"https:\/\/schema.org","@graph":[{"@type":"WebPage","@id":"https:\/\/smn.org.br\/congresso\/programacao-26-maio\/","url":"https:\/\/smn.org.br\/congresso\/programacao-26-maio\/","name":"26 de maio, sexta-feira - 15\u00ba Congresso Mineiro de Nefrologia","isPartOf":{"@id":"https:\/\/smn.org.br\/congresso\/#website"},"datePublished":"2018-10-25T03:12:03+00:00","dateModified":"2023-05-23T01:14:51+00:00","breadcrumb":{"@id":"https:\/\/smn.org.br\/congresso\/programacao-26-maio\/#breadcrumb"},"inLanguage":"pt-BR","potentialAction":[{"@type":"ReadAction","target":["https:\/\/smn.org.br\/congresso\/programacao-26-maio\/"]}]},{"@type":"BreadcrumbList","@id":"https:\/\/smn.org.br\/congresso\/programacao-26-maio\/#breadcrumb","itemListElement":[{"@type":"ListItem","position":1,"name":"Home","item":"https:\/\/smn.org.br\/congresso\/"},{"@type":"ListItem","position":2,"name":"26 de maio, sexta-feira"}]},{"@type":"WebSite","@id":"https:\/\/smn.org.br\/congresso\/#website","url":"https:\/\/smn.org.br\/congresso\/","name":"15\u00ba Congresso Mineiro de Nefrologia","description":"6\u00ba Simp\u00f3sio Mineiro de Transplante Renal","publisher":{"@id":"https:\/\/smn.org.br\/congresso\/#organization"},"potentialAction":[{"@type":"SearchAction","target":{"@type":"EntryPoint","urlTemplate":"https:\/\/smn.org.br\/congresso\/?s={search_term_string}"},"query-input":"required name=search_term_string"}],"inLanguage":"pt-BR"},{"@type":"Organization","@id":"https:\/\/smn.org.br\/congresso\/#organization","name":"15\u00ba Congresso Mineiro de Nefrologia","url":"https:\/\/smn.org.br\/congresso\/","logo":{"@type":"ImageObject","inLanguage":"pt-BR","@id":"https:\/\/smn.org.br\/congresso\/#\/schema\/logo\/image\/","url":"https:\/\/www.smn.org.br\/congresso\/wp-content\/uploads\/2022\/12\/logo-congresso-mineiro-nefrologia-2023.png","contentUrl":"https:\/\/www.smn.org.br\/congresso\/wp-content\/uploads\/2022\/12\/logo-congresso-mineiro-nefrologia-2023.png","width":400,"height":159,"caption":"15\u00ba Congresso Mineiro de Nefrologia"},"image":{"@id":"https:\/\/smn.org.br\/congresso\/#\/schema\/logo\/image\/"},"sameAs":["https:\/\/www.facebook.com\/smn.org.br"]}]}},"_links":{"self":[{"href":"https:\/\/smn.org.br\/congresso\/wp-json\/wp\/v2\/pages\/110"}],"collection":[{"href":"https:\/\/smn.org.br\/congresso\/wp-json\/wp\/v2\/pages"}],"about":[{"href":"https:\/\/smn.org.br\/congresso\/wp-json\/wp\/v2\/types\/page"}],"author":[{"embeddable":true,"href":"https:\/\/smn.org.br\/congresso\/wp-json\/wp\/v2\/users\/1"}],"replies":[{"embeddable":true,"href":"https:\/\/smn.org.br\/congresso\/wp-json\/wp\/v2\/comments?post=110"}],"version-history":[{"count":71,"href":"https:\/\/smn.org.br\/congresso\/wp-json\/wp\/v2\/pages\/110\/revisions"}],"predecessor-version":[{"id":829,"href":"https:\/\/smn.org.br\/congresso\/wp-json\/wp\/v2\/pages\/110\/revisions\/829"}],"wp:featuredmedia":[{"embeddable":true,"href":"https:\/\/smn.org.br\/congresso\/wp-json\/wp\/v2\/media\/391"}],"wp:attachment":[{"href":"https:\/\/smn.org.br\/congresso\/wp-json\/wp\/v2\/media?parent=110"}],"curies":[{"name":"wp","href":"https:\/\/api.w.org\/{rel}","templated":true}]}}